{"id":5312,"date":"2020-01-25T20:22:17","date_gmt":"2020-01-25T19:22:17","guid":{"rendered":"https:\/\/archi-locarno.ch\/virtual-tour\/"},"modified":"2020-02-21T09:37:08","modified_gmt":"2020-02-21T08:37:08","slug":"virtual-tour","status":"publish","type":"page","link":"https:\/\/archi-locarno.ch\/de\/virtual-tour\/","title":{"rendered":"Virtual Tour"},"content":{"rendered":"\t\t<div data-elementor-type=\"wp-page\" data-elementor-id=\"5312\" class=\"elementor elementor-5312\">\n\t\t\t\t\t\t<div class=\"elementor-inner\">\n\t\t\t\t<div class=\"elementor-section-wrap\">\n\t\t\t\t\t\t\t\t\t<div class=\"elementor-section elementor-top-section elementor-element elementor-element-6764065 elementor-section-stretched elementor-section-boxed elementor-section-height-default elementor-section-height-default\" data-id=\"6764065\" data-element_type=\"section\" data-settings=\"{&quot;stretch_section&quot;:&quot;section-stretched&quot;}\">\n\t\t\t\t\t\t<div class=\"elementor-container elementor-column-gap-no\">\n\t\t\t\t\t\t\t<div class=\"elementor-row\">\n\t\t\t\t\t<div class=\"elementor-column elementor-col-100 elementor-top-column elementor-element elementor-element-61859e1\" data-id=\"61859e1\" data-element_type=\"column\">\n\t\t\t<div class=\"elementor-column-wrap elementor-element-populated\">\n\t\t\t\t\t\t\t<div class=\"elementor-widget-wrap\">\n\t\t\t\t\t\t<div class=\"elementor-element elementor-element-0fa2770 elementor-align-center animated-fast elementor-invisible elementor-widget elementor-widget-heading\" data-id=\"0fa2770\" data-element_type=\"widget\" data-settings=\"{&quot;_animation&quot;:&quot;opal-move-up&quot;}\" data-widget_type=\"heading.default\">\n\t\t\t\t<div class=\"elementor-widget-container\">\n\t\t\t<span class=\"sub-title\">Einblick in die Wohnungen<\/span><div class=\"heading-decor\"><svg version=\"1.1\" xmlns=\"http:\/\/www.w3.org\/2000\/svg\" viewBox=\"0 0 147 32\"><g class=\"nc-icon-wrapper\" stroke=\"none\"><path d=\"M147.2 16L121.6 0l-24 15.04L73.6 0l-24 15.04L25.6 0 0 16l25.6 16 24-15.04L73.6 32l24-15.04 24 15.04 25.6-16zM25.6 28.8L5.12 16 25.6 3.2 46.08 16 25.6 28.8zm48 0L53.12 16 73.6 3.2 94.08 16 73.6 28.8zm48-25.6L142.08 16 121.6 28.8 101.12 16 121.6 3.2z\"\/><\/g><\/svg><\/div><h2 class=\"elementor-heading-title elementor-size-default\">Virtuelle Besichtigung der ganzen Wohnung<\/h2>\t\t<\/div>\n\t\t\t\t<\/div>\n\t\t\t\t<div class=\"elementor-section elementor-inner-section elementor-element elementor-element-a4b029b elementor-section-boxed elementor-section-height-default elementor-section-height-default\" data-id=\"a4b029b\" data-element_type=\"section\">\n\t\t\t\t\t\t<div class=\"elementor-container elementor-column-gap-no\">\n\t\t\t\t\t\t\t<div class=\"elementor-row\">\n\t\t\t\t\t<div class=\"elementor-column elementor-col-50 elementor-inner-column elementor-element elementor-element-73cccc6 animated-fast elementor-invisible\" data-id=\"73cccc6\" data-element_type=\"column\" data-settings=\"{&quot;animation&quot;:&quot;opal-move-up&quot;}\">\n\t\t\t<div class=\"elementor-column-wrap elementor-element-populated\">\n\t\t\t\t\t\t\t<div class=\"elementor-widget-wrap\">\n\t\t\t\t\t\t<div class=\"elementor-element elementor-element-aad9dad elementor-widget elementor-widget-text-editor\" data-id=\"aad9dad\" data-element_type=\"widget\" data-widget_type=\"text-editor.default\">\n\t\t\t\t<div class=\"elementor-widget-container\">\n\t\t\t        <div class=\"elementor-text-editor elementor-clearfix\"><p>Schaue dir die Wohnungen mit einer virtuellen Tour an. Auf dem Grundriss sind die Standpunkte rot markiert. Mit Klick auf dem Bildschirm und gedr\u00fcckter linker Maustaste ist es m\u00f6glich, einen Rundgang in der Wohnung zu machen.<\/p><\/div>\n        \t\t<\/div>\n\t\t\t\t<\/div>\n\t\t\t\t\t\t<\/div>\n\t\t\t\t\t<\/div>\n\t\t<\/div>\n\t\t\t\t<div class=\"elementor-column elementor-col-50 elementor-inner-column elementor-element elementor-element-fd85da4 animated-fast elementor-invisible\" data-id=\"fd85da4\" data-element_type=\"column\" data-settings=\"{&quot;animation&quot;:&quot;opal-move-up&quot;,&quot;animation_delay&quot;:150}\">\n\t\t\t<div class=\"elementor-column-wrap elementor-element-populated\">\n\t\t\t\t\t\t\t<div class=\"elementor-widget-wrap\">\n\t\t\t\t\t\t<div class=\"elementor-element elementor-element-e7d59e7 elementor-widget elementor-widget-text-editor\" data-id=\"e7d59e7\" data-element_type=\"widget\" data-widget_type=\"text-editor.default\">\n\t\t\t\t<div class=\"elementor-widget-container\">\n\t\t\t        <div class=\"elementor-text-editor elementor-clearfix\"><p>Um die Sichtposition zu wechseln klickt man auf die weissen Pfeile oder auf einen roten Punkt im Plan. Mit einem mobilen Ger\u00e4t ist es m\u00f6glich, durch Bewegung des Ger\u00e4tes den Rundgang zu machen.<\/p>\n<\/div>\n        \t\t<\/div>\n\t\t\t\t<\/div>\n\t\t\t\t\t\t<\/div>\n\t\t\t\t\t<\/div>\n\t\t<\/div>\n\t\t\t\t\t\t\t\t<\/div>\n\t\t\t\t\t<\/div>\n\t\t<\/div>\n\t\t\t\t<div class=\"elementor-section elementor-inner-section elementor-element elementor-element-d9505b5 elementor-section-full_width elementor-section-height-default elementor-section-height-default\" data-id=\"d9505b5\" data-element_type=\"section\">\n\t\t\t\t\t\t<div class=\"elementor-container elementor-column-gap-no\">\n\t\t\t\t\t\t\t<div class=\"elementor-row\">\n\t\t\t\t\t<div class=\"elementor-column elementor-col-100 elementor-inner-column elementor-element elementor-element-3336527\" data-id=\"3336527\" data-element_type=\"column\">\n\t\t\t<div class=\"elementor-column-wrap elementor-element-populated\">\n\t\t\t\t\t\t\t<div class=\"elementor-widget-wrap\">\n\t\t\t\t\t\t<div class=\"elementor-element elementor-element-1272d63 elementor-position-left elementor-vertical-align-middle animated-fast imagebox-svg-transform-none elementor-invisible elementor-widget elementor-widget-image-box\" data-id=\"1272d63\" data-element_type=\"widget\" data-settings=\"{&quot;_animation&quot;:&quot;opal-move-up&quot;}\" data-widget_type=\"image-box.default\">\n\t\t\t\t<div class=\"elementor-widget-container\">\n\t\t\t<div class=\"elementor-image-box-wrapper\"><div class=\"elementor-image-framed\"><figure class=\"elementor-image-box-img\"><a href=\"https:\/\/archi-locarno.ch\/tour360\/\" target=\"_blank\"><img width=\"802\" height=\"520\" src=\"https:\/\/archi-locarno.ch\/wp-content\/uploads\/2020\/01\/virtual-tour-appartamento-05_ArchiLocarno_JonathanSabbadini.png\" class=\"elementor-animation-float attachment-full size-full wp-image-4589\" alt=\"Virtual Tour Wohnung 05  Locarno Archi\" decoding=\"async\" loading=\"lazy\" srcset=\"https:\/\/archi-locarno.ch\/wp-content\/uploads\/2020\/01\/virtual-tour-appartamento-05_ArchiLocarno_JonathanSabbadini.png 802w, https:\/\/archi-locarno.ch\/wp-content\/uploads\/2020\/01\/virtual-tour-appartamento-05_ArchiLocarno_JonathanSabbadini-300x195.png 300w, https:\/\/archi-locarno.ch\/wp-content\/uploads\/2020\/01\/virtual-tour-appartamento-05_ArchiLocarno_JonathanSabbadini-768x498.png 768w, https:\/\/archi-locarno.ch\/wp-content\/uploads\/2020\/01\/virtual-tour-appartamento-05_ArchiLocarno_JonathanSabbadini-600x390.png 600w, https:\/\/archi-locarno.ch\/wp-content\/uploads\/2020\/01\/virtual-tour-appartamento-05_ArchiLocarno_JonathanSabbadini-400x259.png 400w\" sizes=\"(max-width: 802px) 100vw, 802px\" \/><\/a><\/figure><\/div><div class=\"elementor-image-box-content\"><div class=\"elementor-image-box-sub-title\">2 1\/2 zimmer - 74.40 m<sup>2<\/sup><\/div><h3 class=\"elementor-image-box-title\"><a href=\"https:\/\/archi-locarno.ch\/tour360\/\" target=\"_blank\">Wohnung 05<\/a><\/h3><p class=\"elementor-image-box-description\">Klicke auf das Bild und der Virtual Tour wird auf dem Bildschirm ge\u00f6ffnet. Beginne deine Besichtigung im Wohnzimmer mit den h\u00fcbschen Balkonen, welche noch die originalen, verspielten Gel\u00e4nder haben. Entdecke die K\u00fcche, welche in einer malerischen Nische angelegt ist. Besichtige das Schlazimmer und der begehbare Schrankraum mit dem sch\u00f6nen Bogen. Vom Gang kannst du das Badzimmer, den Wandschrank und den Raum f\u00fcr den Waschturm entdecken.<\/p><\/div><\/div>\t\t<\/div>\n\t\t\t\t<\/div>\n\t\t\t\t<div class=\"elementor-element elementor-element-f1a77f3 elementor-align-justify elementor-button-primary elementor-widget elementor-widget-button\" data-id=\"f1a77f3\" data-element_type=\"widget\" data-widget_type=\"button.default\">\n\t\t\t\t<div class=\"elementor-widget-container\">\n\t\t\t        <div class=\"elementor-button-wrapper\">\n            <a href=\"https:\/\/archi-locarno.ch\/tour360\/\" class=\"elementor-button-link elementor-button elementor-size-md button-sweep\" target=\"_blank\" role=\"button\">\n                \t\t<span class=\"elementor-button-content-wrapper\">\n\t\t\t\t\t\t\t<span class=\"elementor-button-icon elementor-align-icon-right\">\n\t\t\t\t\t\t\t\t\t<i class=\"opal-icon-long-arrow-right\" aria-hidden=\"true\"><\/i>\n\t\t\t\t\t\t\t<\/span>\n\t\t\t\t\t\t<span class=\"elementor-button-text\">Virtual Tour Wohnung 05<\/span>\n\t\t<\/span>\n\t\t            <\/a>\n        <\/div>\n        \t\t<\/div>\n\t\t\t\t<\/div>\n\t\t\t\t\t\t<\/div>\n\t\t\t\t\t<\/div>\n\t\t<\/div>\n\t\t\t\t\t\t\t\t<\/div>\n\t\t\t\t\t<\/div>\n\t\t<\/div>\n\t\t\t\t\t\t<\/div>\n\t\t\t\t\t<\/div>\n\t\t<\/div>\n\t\t\t\t\t\t\t\t<\/div>\n\t\t\t\t\t<\/div>\n\t\t<\/div>\n\t\t\t\t<div class=\"elementor-section elementor-top-section elementor-element elementor-element-0dbe713 elementor-section-stretched elementor-section-boxed elementor-section-height-default elementor-section-height-default\" data-id=\"0dbe713\" data-element_type=\"section\" data-settings=\"{&quot;stretch_section&quot;:&quot;section-stretched&quot;}\">\n\t\t\t\t\t\t<div class=\"elementor-container elementor-column-gap-no\">\n\t\t\t\t\t\t\t<div class=\"elementor-row\">\n\t\t\t\t\t<div class=\"elementor-column elementor-col-100 elementor-top-column elementor-element elementor-element-e0b38f2\" data-id=\"e0b38f2\" data-element_type=\"column\">\n\t\t\t<div class=\"elementor-column-wrap elementor-element-populated\">\n\t\t\t\t\t\t\t<div class=\"elementor-widget-wrap\">\n\t\t\t\t\t\t<div class=\"elementor-section elementor-inner-section elementor-element elementor-element-1656dc6 elementor-section-full_width elementor-section-height-default elementor-section-height-default\" data-id=\"1656dc6\" data-element_type=\"section\">\n\t\t\t\t\t\t<div class=\"elementor-container elementor-column-gap-no\">\n\t\t\t\t\t\t\t<div class=\"elementor-row\">\n\t\t\t\t\t<div class=\"elementor-column elementor-col-100 elementor-inner-column elementor-element elementor-element-a089e41\" data-id=\"a089e41\" data-element_type=\"column\">\n\t\t\t<div class=\"elementor-column-wrap elementor-element-populated\">\n\t\t\t\t\t\t\t<div class=\"elementor-widget-wrap\">\n\t\t\t\t\t\t<div class=\"elementor-element elementor-element-3ed1e71 elementor-position-left elementor-vertical-align-middle animated-fast imagebox-svg-transform-none elementor-invisible elementor-widget elementor-widget-image-box\" data-id=\"3ed1e71\" data-element_type=\"widget\" data-settings=\"{&quot;_animation&quot;:&quot;opal-move-up&quot;}\" data-widget_type=\"image-box.default\">\n\t\t\t\t<div class=\"elementor-widget-container\">\n\t\t\t<div class=\"elementor-image-box-wrapper\"><div class=\"elementor-image-framed\"><figure class=\"elementor-image-box-img\"><a href=\"https:\/\/archi-locarno.ch\/tour360_WHG_16\/\" target=\"_blank\"><img width=\"802\" height=\"520\" src=\"https:\/\/archi-locarno.ch\/wp-content\/uploads\/2020\/01\/virtual-tour-appartamento-16_ArchiLocarno_JonathanSabbadini.png\" class=\"elementor-animation-float attachment-full size-full wp-image-4591\" alt=\"Virtual Tour Wohnung 16  Locarno Archi\" decoding=\"async\" loading=\"lazy\" srcset=\"https:\/\/archi-locarno.ch\/wp-content\/uploads\/2020\/01\/virtual-tour-appartamento-16_ArchiLocarno_JonathanSabbadini.png 802w, https:\/\/archi-locarno.ch\/wp-content\/uploads\/2020\/01\/virtual-tour-appartamento-16_ArchiLocarno_JonathanSabbadini-300x195.png 300w, https:\/\/archi-locarno.ch\/wp-content\/uploads\/2020\/01\/virtual-tour-appartamento-16_ArchiLocarno_JonathanSabbadini-768x498.png 768w, https:\/\/archi-locarno.ch\/wp-content\/uploads\/2020\/01\/virtual-tour-appartamento-16_ArchiLocarno_JonathanSabbadini-600x390.png 600w, https:\/\/archi-locarno.ch\/wp-content\/uploads\/2020\/01\/virtual-tour-appartamento-16_ArchiLocarno_JonathanSabbadini-400x259.png 400w\" sizes=\"(max-width: 802px) 100vw, 802px\" \/><\/a><\/figure><\/div><div class=\"elementor-image-box-content\"><div class=\"elementor-image-box-sub-title\">2 1\/2 zimmer - 77.60 m<sup>2<\/sup><\/div><h3 class=\"elementor-image-box-title\"><a href=\"https:\/\/archi-locarno.ch\/tour360_WHG_16\/\" target=\"_blank\">Wohnung 16<\/a><\/h3><p class=\"elementor-image-box-description\">Klicke auf das Bild und der Virtual Tour wird auf dem Bildschirm ge\u00f6ffnet. Die Besichtigung beginnt im Wohnzimmer mit den hohen Fenstern und dem kleinen Balkon mit dem originalen, verspielten Gel\u00e4nder. Der Besuch f\u00fchrt in die K\u00fcche, welche mit modernen Ger\u00e4ten eingerichtet ist. Vom Korridor erkennt man das Badzimmer und den Wandschank. Besichtige das Schlafzimmer und der zus\u00e4tzliche Raum f\u00fcr den Schrank.<\/p><\/div><\/div>\t\t<\/div>\n\t\t\t\t<\/div>\n\t\t\t\t<div class=\"elementor-element elementor-element-2d807eb elementor-align-justify elementor-button-primary elementor-widget elementor-widget-button\" data-id=\"2d807eb\" data-element_type=\"widget\" data-widget_type=\"button.default\">\n\t\t\t\t<div class=\"elementor-widget-container\">\n\t\t\t        <div class=\"elementor-button-wrapper\">\n            <a href=\"https:\/\/archi-locarno.ch\/tour360_WHG_16\/\" class=\"elementor-button-link elementor-button elementor-size-md button-sweep\" target=\"_blank\" role=\"button\">\n                \t\t<span class=\"elementor-button-content-wrapper\">\n\t\t\t\t\t\t\t<span class=\"elementor-button-icon elementor-align-icon-right\">\n\t\t\t\t\t\t\t\t\t<i class=\"opal-icon-long-arrow-right\" aria-hidden=\"true\"><\/i>\n\t\t\t\t\t\t\t<\/span>\n\t\t\t\t\t\t<span class=\"elementor-button-text\">Virtual Tour Wohnung 16<\/span>\n\t\t<\/span>\n\t\t            <\/a>\n        <\/div>\n        \t\t<\/div>\n\t\t\t\t<\/div>\n\t\t\t\t\t\t<\/div>\n\t\t\t\t\t<\/div>\n\t\t<\/div>\n\t\t\t\t\t\t\t\t<\/div>\n\t\t\t\t\t<\/div>\n\t\t<\/div>\n\t\t\t\t\t\t<\/div>\n\t\t\t\t\t<\/div>\n\t\t<\/div>\n\t\t\t\t\t\t\t\t<\/div>\n\t\t\t\t\t<\/div>\n\t\t<\/div>\n\t\t\t\t<section class=\"elementor-section elementor-top-section elementor-element elementor-element-83ad21d elementor-section-stretched elementor-section-boxed elementor-section-height-default elementor-section-height-default\" data-id=\"83ad21d\" data-element_type=\"section\" data-settings=\"{&quot;stretch_section&quot;:&quot;section-stretched&quot;}\">\n\t\t\t\t\t\t<div class=\"elementor-container elementor-column-gap-no\">\n\t\t\t\t\t\t\t<div class=\"elementor-row\">\n\t\t\t\t\t<div class=\"elementor-column elementor-col-100 elementor-top-column elementor-element elementor-element-da362ad\" data-id=\"da362ad\" data-element_type=\"column\">\n\t\t\t<div class=\"elementor-column-wrap elementor-element-populated\">\n\t\t\t\t\t\t\t<div class=\"elementor-widget-wrap\">\n\t\t\t\t\t\t<div class=\"elementor-section elementor-inner-section elementor-element elementor-element-46c401f elementor-section-full_width elementor-section-height-default elementor-section-height-default\" data-id=\"46c401f\" data-element_type=\"section\">\n\t\t\t\t\t\t<div class=\"elementor-container elementor-column-gap-no\">\n\t\t\t\t\t\t\t<div class=\"elementor-row\">\n\t\t\t\t\t<div class=\"elementor-column elementor-col-100 elementor-inner-column elementor-element elementor-element-03056cf\" data-id=\"03056cf\" data-element_type=\"column\">\n\t\t\t<div class=\"elementor-column-wrap elementor-element-populated\">\n\t\t\t\t\t\t\t<div class=\"elementor-widget-wrap\">\n\t\t\t\t\t\t<div class=\"elementor-element elementor-element-c392fc8 elementor-position-left elementor-vertical-align-middle animated-fast imagebox-svg-transform-none elementor-invisible elementor-widget elementor-widget-image-box\" data-id=\"c392fc8\" data-element_type=\"widget\" data-settings=\"{&quot;_animation&quot;:&quot;opal-move-up&quot;}\" data-widget_type=\"image-box.default\">\n\t\t\t\t<div class=\"elementor-widget-container\">\n\t\t\t<div class=\"elementor-image-box-wrapper\"><div class=\"elementor-image-framed\"><figure class=\"elementor-image-box-img\"><a href=\"https:\/\/archi-locarno.ch\/tour360_WHG_17\/\" target=\"_blank\"><img width=\"802\" height=\"520\" src=\"https:\/\/archi-locarno.ch\/wp-content\/uploads\/2020\/01\/virtual-tour-appartamento-17_ArchiLocarno_JonathanSabbadini.png\" class=\"elementor-animation-float attachment-full size-full wp-image-4593\" alt=\"Virtual Tour Wohnung 17\" decoding=\"async\" loading=\"lazy\" srcset=\"https:\/\/archi-locarno.ch\/wp-content\/uploads\/2020\/01\/virtual-tour-appartamento-17_ArchiLocarno_JonathanSabbadini.png 802w, https:\/\/archi-locarno.ch\/wp-content\/uploads\/2020\/01\/virtual-tour-appartamento-17_ArchiLocarno_JonathanSabbadini-300x195.png 300w, https:\/\/archi-locarno.ch\/wp-content\/uploads\/2020\/01\/virtual-tour-appartamento-17_ArchiLocarno_JonathanSabbadini-768x498.png 768w, https:\/\/archi-locarno.ch\/wp-content\/uploads\/2020\/01\/virtual-tour-appartamento-17_ArchiLocarno_JonathanSabbadini-600x390.png 600w, https:\/\/archi-locarno.ch\/wp-content\/uploads\/2020\/01\/virtual-tour-appartamento-17_ArchiLocarno_JonathanSabbadini-400x259.png 400w\" sizes=\"(max-width: 802px) 100vw, 802px\" \/><\/a><\/figure><\/div><div class=\"elementor-image-box-content\"><div class=\"elementor-image-box-sub-title\">2 1\/2 zimmer - 57.60 m<sup>2<\/sup><\/div><h3 class=\"elementor-image-box-title\"><a href=\"https:\/\/archi-locarno.ch\/tour360_WHG_17\/\" target=\"_blank\">Wohnung 17<\/a><\/h3><p class=\"elementor-image-box-description\">Klicke auf das Bild und der Virtual Tour wird auf dem Bildschirm ge\u00f6ffnet. Die Besichtigung beginnt im lichtdurchfluteten Schalfzimmer mit traumhaftem Ausblick von den grossen Fenstern und dem kleinen Balkon mit dem h\u00fcbschen Gel\u00e4nder. Es geht weiter in die K\u00fcche, welche offen ist und den Blick auf das Wohnzimmer frei gibt. Im Gang erkennt man den Wandschrank.<\/p><\/div><\/div>\t\t<\/div>\n\t\t\t\t<\/div>\n\t\t\t\t<div class=\"elementor-element elementor-element-4b619c2 elementor-align-justify elementor-button-primary elementor-widget elementor-widget-button\" data-id=\"4b619c2\" data-element_type=\"widget\" data-widget_type=\"button.default\">\n\t\t\t\t<div class=\"elementor-widget-container\">\n\t\t\t        <div class=\"elementor-button-wrapper\">\n            <a href=\"https:\/\/archi-locarno.ch\/tour360_WHG_17\/\" class=\"elementor-button-link elementor-button elementor-size-md button-sweep\" target=\"_blank\" role=\"button\">\n                \t\t<span class=\"elementor-button-content-wrapper\">\n\t\t\t\t\t\t\t<span class=\"elementor-button-icon elementor-align-icon-right\">\n\t\t\t\t\t\t\t\t\t<i class=\"opal-icon-long-arrow-right\" aria-hidden=\"true\"><\/i>\n\t\t\t\t\t\t\t<\/span>\n\t\t\t\t\t\t<span class=\"elementor-button-text\">Virtual Tour Wohnung 17<\/span>\n\t\t<\/span>\n\t\t            <\/a>\n        <\/div>\n        \t\t<\/div>\n\t\t\t\t<\/div>\n\t\t\t\t\t\t<\/div>\n\t\t\t\t\t<\/div>\n\t\t<\/div>\n\t\t\t\t\t\t\t\t<\/div>\n\t\t\t\t\t<\/div>\n\t\t<\/div>\n\t\t\t\t\t\t<\/div>\n\t\t\t\t\t<\/div>\n\t\t<\/div>\n\t\t\t\t\t\t\t\t<\/div>\n\t\t\t\t\t<\/div>\n\t\t<\/section>\n\t\t\t\t\t\t\t\t\t<\/div>\n\t\t\t<\/div>\n\t\t\t\t\t<\/div>\n\t\t","protected":false},"excerpt":{"rendered":"<p>Einblick in die Wohnungen Virtuelle Besichtigung der ganzen Wohnung Schaue dir die Wohnungen mit einer virtuellen Tour an. Auf dem Grundriss sind die Standpunkte rot markiert. Mit Klick auf dem Bildschirm und gedr\u00fcckter linker Maustaste ist es m\u00f6glich, einen Rundgang in der Wohnung zu machen. Um die Sichtposition zu wechseln klickt man auf die weissen &hellip; <span class=\"more-link-wrap\"><a href=\"https:\/\/archi-locarno.ch\/de\/virtual-tour\/\" class=\"more-link\">Read More <span class=\"screen-reader-text\"> &#8222;Virtual Tour&#8220;<\/span><\/a><\/span><\/p>\n","protected":false},"author":2,"featured_media":5315,"parent":0,"menu_order":0,"comment_status":"closed","ping_status":"closed","template":"","meta":{"inline_featured_image":false},"acf":[],"yoast_head":"<!-- This site is optimized with the Yoast SEO plugin v21.1 - https:\/\/yoast.com\/wordpress\/plugins\/seo\/ -->\n<title>Virtual Tour | Residenza Archi | Appartamenti in affitto a Locarno<\/title>\n<meta name=\"description\" content=\"Virtuelle Besichtigung der ganzen Wohnung\" \/>\n<meta name=\"robots\" content=\"index, follow, max-snippet:-1, max-image-preview:large, max-video-preview:-1\" \/>\n<link rel=\"canonical\" href=\"https:\/\/archi-locarno.ch\/de\/virtual-tour\/\" \/>\n<meta property=\"og:locale\" content=\"de_DE\" \/>\n<meta property=\"og:type\" content=\"article\" \/>\n<meta property=\"og:title\" content=\"Virtual Tour | Residenza Archi | Appartamenti in affitto a Locarno\" \/>\n<meta property=\"og:description\" content=\"Virtuelle Besichtigung der ganzen Wohnung\" \/>\n<meta property=\"og:url\" content=\"https:\/\/archi-locarno.ch\/de\/virtual-tour\/\" \/>\n<meta property=\"og:site_name\" content=\"Residenza Archi\" \/>\n<meta property=\"article:modified_time\" content=\"2020-02-21T08:37:08+00:00\" \/>\n<meta property=\"og:image\" content=\"https:\/\/archi-locarno.ch\/wp-content\/uploads\/2020\/01\/virtual_tour_app5.jpg\" \/>\n\t<meta property=\"og:image:width\" content=\"1166\" \/>\n\t<meta property=\"og:image:height\" content=\"789\" \/>\n\t<meta property=\"og:image:type\" content=\"image\/jpeg\" \/>\n<meta name=\"twitter:card\" content=\"summary_large_image\" \/>\n<meta name=\"twitter:label1\" content=\"Gesch\u00e4tzte Lesezeit\" \/>\n\t<meta name=\"twitter:data1\" content=\"2\u00a0Minuten\" \/>\n<script type=\"application\/ld+json\" class=\"yoast-schema-graph\">{\"@context\":\"https:\/\/schema.org\",\"@graph\":[{\"@type\":\"WebPage\",\"@id\":\"https:\/\/archi-locarno.ch\/de\/virtual-tour\/\",\"url\":\"https:\/\/archi-locarno.ch\/de\/virtual-tour\/\",\"name\":\"Virtual Tour | Residenza Archi | Appartamenti in affitto a Locarno\",\"isPartOf\":{\"@id\":\"https:\/\/archi-locarno.ch\/#website\"},\"datePublished\":\"2020-01-25T19:22:17+00:00\",\"dateModified\":\"2020-02-21T08:37:08+00:00\",\"description\":\"Virtuelle Besichtigung der ganzen Wohnung\",\"breadcrumb\":{\"@id\":\"https:\/\/archi-locarno.ch\/de\/virtual-tour\/#breadcrumb\"},\"inLanguage\":\"de\",\"potentialAction\":[{\"@type\":\"ReadAction\",\"target\":[\"https:\/\/archi-locarno.ch\/de\/virtual-tour\/\"]}]},{\"@type\":\"BreadcrumbList\",\"@id\":\"https:\/\/archi-locarno.ch\/de\/virtual-tour\/#breadcrumb\",\"itemListElement\":[{\"@type\":\"ListItem\",\"position\":1,\"name\":\"Home\",\"item\":\"https:\/\/archi-locarno.ch\/de\/\"},{\"@type\":\"ListItem\",\"position\":2,\"name\":\"Virtual Tour\"}]},{\"@type\":\"WebSite\",\"@id\":\"https:\/\/archi-locarno.ch\/#website\",\"url\":\"https:\/\/archi-locarno.ch\/\",\"name\":\"Residenza Archi\",\"description\":\"Appartamenti in affitto a Locarno\",\"publisher\":{\"@id\":\"https:\/\/archi-locarno.ch\/#organization\"},\"potentialAction\":[{\"@type\":\"SearchAction\",\"target\":{\"@type\":\"EntryPoint\",\"urlTemplate\":\"https:\/\/archi-locarno.ch\/?s={search_term_string}\"},\"query-input\":\"required name=search_term_string\"}],\"inLanguage\":\"de\"},{\"@type\":\"Organization\",\"@id\":\"https:\/\/archi-locarno.ch\/#organization\",\"name\":\"Residenza Archi Locarno\",\"url\":\"https:\/\/archi-locarno.ch\/\",\"logo\":{\"@type\":\"ImageObject\",\"inLanguage\":\"de\",\"@id\":\"https:\/\/archi-locarno.ch\/#\/schema\/logo\/image\/\",\"url\":\"https:\/\/archi-locarno.ch\/wp-content\/uploads\/2020\/01\/logo-archi-512.png\",\"contentUrl\":\"https:\/\/archi-locarno.ch\/wp-content\/uploads\/2020\/01\/logo-archi-512.png\",\"width\":530,\"height\":512,\"caption\":\"Residenza Archi Locarno\"},\"image\":{\"@id\":\"https:\/\/archi-locarno.ch\/#\/schema\/logo\/image\/\"}}]}<\/script>\n<!-- \/ Yoast SEO plugin. -->","yoast_head_json":{"title":"Virtual Tour | Residenza Archi | Appartamenti in affitto a Locarno","description":"Virtuelle Besichtigung der ganzen Wohnung","robots":{"index":"index","follow":"follow","max-snippet":"max-snippet:-1","max-image-preview":"max-image-preview:large","max-video-preview":"max-video-preview:-1"},"canonical":"https:\/\/archi-locarno.ch\/de\/virtual-tour\/","og_locale":"de_DE","og_type":"article","og_title":"Virtual Tour | Residenza Archi | Appartamenti in affitto a Locarno","og_description":"Virtuelle Besichtigung der ganzen Wohnung","og_url":"https:\/\/archi-locarno.ch\/de\/virtual-tour\/","og_site_name":"Residenza Archi","article_modified_time":"2020-02-21T08:37:08+00:00","og_image":[{"width":1166,"height":789,"url":"https:\/\/archi-locarno.ch\/wp-content\/uploads\/2020\/01\/virtual_tour_app5.jpg","type":"image\/jpeg"}],"twitter_card":"summary_large_image","twitter_misc":{"Gesch\u00e4tzte Lesezeit":"2\u00a0Minuten"},"schema":{"@context":"https:\/\/schema.org","@graph":[{"@type":"WebPage","@id":"https:\/\/archi-locarno.ch\/de\/virtual-tour\/","url":"https:\/\/archi-locarno.ch\/de\/virtual-tour\/","name":"Virtual Tour | Residenza Archi | Appartamenti in affitto a Locarno","isPartOf":{"@id":"https:\/\/archi-locarno.ch\/#website"},"datePublished":"2020-01-25T19:22:17+00:00","dateModified":"2020-02-21T08:37:08+00:00","description":"Virtuelle Besichtigung der ganzen Wohnung","breadcrumb":{"@id":"https:\/\/archi-locarno.ch\/de\/virtual-tour\/#breadcrumb"},"inLanguage":"de","potentialAction":[{"@type":"ReadAction","target":["https:\/\/archi-locarno.ch\/de\/virtual-tour\/"]}]},{"@type":"BreadcrumbList","@id":"https:\/\/archi-locarno.ch\/de\/virtual-tour\/#breadcrumb","itemListElement":[{"@type":"ListItem","position":1,"name":"Home","item":"https:\/\/archi-locarno.ch\/de\/"},{"@type":"ListItem","position":2,"name":"Virtual Tour"}]},{"@type":"WebSite","@id":"https:\/\/archi-locarno.ch\/#website","url":"https:\/\/archi-locarno.ch\/","name":"Residenza Archi","description":"Appartamenti in affitto a Locarno","publisher":{"@id":"https:\/\/archi-locarno.ch\/#organization"},"potentialAction":[{"@type":"SearchAction","target":{"@type":"EntryPoint","urlTemplate":"https:\/\/archi-locarno.ch\/?s={search_term_string}"},"query-input":"required name=search_term_string"}],"inLanguage":"de"},{"@type":"Organization","@id":"https:\/\/archi-locarno.ch\/#organization","name":"Residenza Archi Locarno","url":"https:\/\/archi-locarno.ch\/","logo":{"@type":"ImageObject","inLanguage":"de","@id":"https:\/\/archi-locarno.ch\/#\/schema\/logo\/image\/","url":"https:\/\/archi-locarno.ch\/wp-content\/uploads\/2020\/01\/logo-archi-512.png","contentUrl":"https:\/\/archi-locarno.ch\/wp-content\/uploads\/2020\/01\/logo-archi-512.png","width":530,"height":512,"caption":"Residenza Archi Locarno"},"image":{"@id":"https:\/\/archi-locarno.ch\/#\/schema\/logo\/image\/"}}]}},"_links":{"self":[{"href":"https:\/\/archi-locarno.ch\/de\/wp-json\/wp\/v2\/pages\/5312"}],"collection":[{"href":"https:\/\/archi-locarno.ch\/de\/wp-json\/wp\/v2\/pages"}],"about":[{"href":"https:\/\/archi-locarno.ch\/de\/wp-json\/wp\/v2\/types\/page"}],"author":[{"embeddable":true,"href":"https:\/\/archi-locarno.ch\/de\/wp-json\/wp\/v2\/users\/2"}],"replies":[{"embeddable":true,"href":"https:\/\/archi-locarno.ch\/de\/wp-json\/wp\/v2\/comments?post=5312"}],"version-history":[{"count":13,"href":"https:\/\/archi-locarno.ch\/de\/wp-json\/wp\/v2\/pages\/5312\/revisions"}],"predecessor-version":[{"id":5507,"href":"https:\/\/archi-locarno.ch\/de\/wp-json\/wp\/v2\/pages\/5312\/revisions\/5507"}],"wp:featuredmedia":[{"embeddable":true,"href":"https:\/\/archi-locarno.ch\/de\/wp-json\/wp\/v2\/media\/5315"}],"wp:attachment":[{"href":"https:\/\/archi-locarno.ch\/de\/wp-json\/wp\/v2\/media?parent=5312"}],"curies":[{"name":"wp","href":"https:\/\/api.w.org\/{rel}","templated":true}]}}